{"id":258,"date":"2020-11-20T15:34:31","date_gmt":"2020-11-20T15:34:31","guid":{"rendered":"http:\/\/elenasantiagoactriz.es\/?page_id=258"},"modified":"2025-05-20T07:55:27","modified_gmt":"2025-05-20T07:55:27","slug":"curriculum-cine-teatro-formacion","status":"publish","type":"page","link":"http:\/\/elenasantiagoactriz.es\/esp\/curriculum-cine-teatro-formacion\/","title":{"rendered":"Curriculum"},"content":{"rendered":"\t\t<div data-elementor-type=\"wp-page\" data-elementor-id=\"258\" class=\"elementor elementor-258\">\n\t\t\t\t\t\t<div class=\"elementor-inner\">\n\t\t\t\t<div class=\"elementor-section-wrap\">\n\t\t\t\t\t\t\t\t\t<section class=\"elementor-section elementor-top-section elementor-element elementor-element-d192195 elementor-section-height-min-height elementor-section-boxed elementor-section-height-default elementor-section-items-middle\" data-id=\"d192195\" data-element_type=\"section\" data-settings=\"{&quot;background_background&quot;:&quot;classic&quot;}\">\n\t\t\t\t\t\t<div class=\"elementor-container elementor-column-gap-default\">\n\t\t\t\t\t\t\t<div class=\"elementor-row\">\n\t\t\t\t\t<div class=\"elementor-column elementor-col-100 elementor-top-column elementor-element elementor-element-c0a3540\" data-id=\"c0a3540\" data-element_type=\"column\">\n\t\t\t<div class=\"elementor-column-wrap\">\n\t\t\t\t\t\t\t<div class=\"elementor-widget-wrap\">\n\t\t\t\t\t\t\t\t<\/div>\n\t\t\t\t\t<\/div>\n\t\t<\/div>\n\t\t\t\t\t\t\t\t<\/div>\n\t\t\t\t\t<\/div>\n\t\t<\/section>\n\t\t\t\t<section class=\"elementor-section elementor-top-section elementor-element elementor-element-47304221 elementor-section-full_width elementor-section-height-min-height elementor-section-items-stretch elementor-reverse-mobile elementor-section-height-default\" data-id=\"47304221\" data-element_type=\"section\" id=\"ver-cv\" data-settings=\"{&quot;background_background&quot;:&quot;classic&quot;}\">\n\t\t\t\t\t\t<div class=\"elementor-container elementor-column-gap-default\">\n\t\t\t\t\t\t\t<div class=\"elementor-row\">\n\t\t\t\t\t<div class=\"elementor-column elementor-col-50 elementor-top-column elementor-element elementor-element-2b56bf1e\" data-id=\"2b56bf1e\" data-element_type=\"column\" data-settings=\"{&quot;background_background&quot;:&quot;classic&quot;}\">\n\t\t\t<div class=\"elementor-column-wrap elementor-element-populated\">\n\t\t\t\t\t\t\t<div class=\"elementor-widget-wrap\">\n\t\t\t\t\t\t<div class=\"elementor-element elementor-element-ffe67bf elementor-widget elementor-widget-image\" data-id=\"ffe67bf\" data-element_type=\"widget\" data-widget_type=\"image.default\">\n\t\t\t\t<div class=\"elementor-widget-container\">\n\t\t\t\t\t\t\t\t<div class=\"elementor-image\">\n\t\t\t\t\t\t\t\t\t\t\t\t<img decoding=\"async\" width=\"1792\" height=\"1313\" src=\"http:\/\/elenasantiagoactriz.es\/wp-content\/uploads\/2023\/06\/DSC9891-PLA-MIG-C-Claudia-Asensio.jpg\" class=\"attachment-full size-full wp-image-628\" alt=\"\" loading=\"lazy\" srcset=\"http:\/\/elenasantiagoactriz.es\/wp-content\/uploads\/2023\/06\/DSC9891-PLA-MIG-C-Claudia-Asensio.jpg 1792w, http:\/\/elenasantiagoactriz.es\/wp-content\/uploads\/2023\/06\/DSC9891-PLA-MIG-C-Claudia-Asensio-300x220.jpg 300w, http:\/\/elenasantiagoactriz.es\/wp-content\/uploads\/2023\/06\/DSC9891-PLA-MIG-C-Claudia-Asensio-1024x750.jpg 1024w, http:\/\/elenasantiagoactriz.es\/wp-content\/uploads\/2023\/06\/DSC9891-PLA-MIG-C-Claudia-Asensio-768x563.jpg 768w, http:\/\/elenasantiagoactriz.es\/wp-content\/uploads\/2023\/06\/DSC9891-PLA-MIG-C-Claudia-Asensio-1536x1125.jpg 1536w\" sizes=\"(max-width: 1792px) 100vw, 1792px\" title=\"\">\t\t\t\t\t\t\t\t\t\t\t\t\t\t<\/div>\n\t\t\t\t\t\t<\/div>\n\t\t\t\t<\/div>\n\t\t\t\t\t\t<\/div>\n\t\t\t\t\t<\/div>\n\t\t<\/div>\n\t\t\t\t<div class=\"elementor-column elementor-col-50 elementor-top-column elementor-element elementor-element-2495760d\" data-id=\"2495760d\" data-element_type=\"column\">\n\t\t\t<div class=\"elementor-column-wrap elementor-element-populated\">\n\t\t\t\t\t\t\t<div class=\"elementor-widget-wrap\">\n\t\t\t\t\t\t<div class=\"elementor-element elementor-element-1b7480e2 elementor-widget elementor-widget-text-editor\" data-id=\"1b7480e2\" data-element_type=\"widget\" data-widget_type=\"text-editor.default\">\n\t\t\t\t<div class=\"elementor-widget-container\">\n\t\t\t\t\t\t\t\t<div class=\"elementor-text-editor elementor-clearfix\">\n\t\t\t\t<p><span style=\"font-size: 1rem;\">Combino el teatro con el cine y la interpretaci\u00f3n con la escritura.<\/span><\/p>\t\t\t\t\t<\/div>\n\t\t\t\t\t\t<\/div>\n\t\t\t\t<\/div>\n\t\t\t\t<div class=\"elementor-element elementor-element-72d9dbcf elementor-align-left elementor-mobile-align-center elementor-widget elementor-widget-button\" data-id=\"72d9dbcf\" data-element_type=\"widget\" data-widget_type=\"button.default\">\n\t\t\t\t<div class=\"elementor-widget-container\">\n\t\t\t\t\t<div class=\"elementor-button-wrapper\">\n\t\t\t<a href=\"https:\/\/drive.google.com\/file\/d\/1UlOo4gpUgW8-eysT9dVTUXmet3F2wUDs\/view?usp=sharing\" target=\"_blank\" rel=\"nofollow\" class=\"elementor-button-link elementor-button elementor-size-xl\" role=\"button\">\n\t\t\t\t\t\t<span class=\"elementor-button-content-wrapper\">\n\t\t\t\t\t\t<span class=\"elementor-button-text\">Descarga CV<\/span>\n\t\t<\/span>\n\t\t\t\t\t<\/a>\n\t\t<\/div>\n\t\t\t\t<\/div>\n\t\t\t\t<\/div>\n\t\t\t\t\t\t<\/div>\n\t\t\t\t\t<\/div>\n\t\t<\/div>\n\t\t\t\t\t\t\t\t<\/div>\n\t\t\t\t\t<\/div>\n\t\t<\/section>\n\t\t\t\t<section class=\"elementor-section elementor-top-section elementor-element elementor-element-542c848 elementor-section-boxed elementor-section-height-default elementor-section-height-default\" data-id=\"542c848\" data-element_type=\"section\" data-settings=\"{&quot;background_background&quot;:&quot;classic&quot;}\">\n\t\t\t\t\t\t<div class=\"elementor-container elementor-column-gap-default\">\n\t\t\t\t\t\t\t<div class=\"elementor-row\">\n\t\t\t\t\t<div class=\"elementor-column elementor-col-100 elementor-top-column elementor-element elementor-element-45c6997\" data-id=\"45c6997\" data-element_type=\"column\">\n\t\t\t<div class=\"elementor-column-wrap elementor-element-populated\">\n\t\t\t\t\t\t\t<div class=\"elementor-widget-wrap\">\n\t\t\t\t\t\t<div class=\"elementor-element elementor-element-5f6619c elementor-widget elementor-widget-accordion\" data-id=\"5f6619c\" data-element_type=\"widget\" data-widget_type=\"accordion.default\">\n\t\t\t\t<div class=\"elementor-widget-container\">\n\t\t\t\t\t<div class=\"elementor-accordion\" role=\"tablist\">\n\t\t\t\t\t\t\t<div class=\"elementor-accordion-item\">\n\t\t\t\t\t<div id=\"elementor-tab-title-1001\" class=\"elementor-tab-title\" data-tab=\"1\" role=\"tab\" aria-controls=\"elementor-tab-content-1001\" aria-expanded=\"false\">\n\t\t\t\t\t\t\t\t\t\t\t\t\t<span class=\"elementor-accordion-icon elementor-accordion-icon-left\" aria-hidden=\"true\">\n\t\t\t\t\t\t\t\t\t\t\t\t\t\t\t<span class=\"elementor-accordion-icon-closed\"><i class=\"fas fa-plus\"><\/i><\/span>\n\t\t\t\t\t\t\t\t<span class=\"elementor-accordion-icon-opened\"><i class=\"fas fa-minus\"><\/i><\/span>\n\t\t\t\t\t\t\t\t\t\t\t\t\t\t<\/span>\n\t\t\t\t\t\t\t\t\t\t\t\t<a class=\"elementor-accordion-title\" href=\"\">PREMIOS<\/a>\n\t\t\t\t\t<\/div>\n\t\t\t\t\t<div id=\"elementor-tab-content-1001\" class=\"elementor-tab-content elementor-clearfix\" data-tab=\"1\" role=\"tabpanel\" aria-labelledby=\"elementor-tab-title-1001\"><p>Ganadora del<span style=\"color: #ffffff;\"><a style=\"color: #ffffff;\" href=\"https:\/\/cadenaser.com\/andorra\/2024\/10\/27\/elena-santiago-guanya-el-premi-born-radio-menorca\/\" target=\"_blank\" rel=\"noopener\"><strong> XLIX Premio Born de Teatro<\/strong><\/a><\/span> con el texto &#8220;El SIlenci&#8221;<\/p><\/div>\n\t\t\t\t<\/div>\n\t\t\t\t\t\t\t<div class=\"elementor-accordion-item\">\n\t\t\t\t\t<div id=\"elementor-tab-title-1002\" class=\"elementor-tab-title\" data-tab=\"2\" role=\"tab\" aria-controls=\"elementor-tab-content-1002\" aria-expanded=\"false\">\n\t\t\t\t\t\t\t\t\t\t\t\t\t<span class=\"elementor-accordion-icon elementor-accordion-icon-left\" aria-hidden=\"true\">\n\t\t\t\t\t\t\t\t\t\t\t\t\t\t\t<span class=\"elementor-accordion-icon-closed\"><i class=\"fas fa-plus\"><\/i><\/span>\n\t\t\t\t\t\t\t\t<span class=\"elementor-accordion-icon-opened\"><i class=\"fas fa-minus\"><\/i><\/span>\n\t\t\t\t\t\t\t\t\t\t\t\t\t\t<\/span>\n\t\t\t\t\t\t\t\t\t\t\t\t<a class=\"elementor-accordion-title\" href=\"\">FORMACI\u00d3N<\/a>\n\t\t\t\t\t<\/div>\n\t\t\t\t\t<div id=\"elementor-tab-content-1002\" class=\"elementor-tab-content elementor-clearfix\" data-tab=\"2\" role=\"tabpanel\" aria-labelledby=\"elementor-tab-title-1002\"><p><span style=\"color: #ffffff;\"><a style=\"color: #ffffff;\" href=\"https:\/\/www.institutdelteatre.cat\/pl814\/itimpulsa\/graduatsigraduades\/talentit\/directoridetalent\/id104\/eleacteahotmailcom.htm\" target=\"_blank\" rel=\"noopener\">Interpretaci\u00f3n en el <span style=\"text-decoration: underline;\"><strong>Institut del Teatre.<\/strong><\/span><\/a><\/span> 2017<\/p><p>Estudios en Interpretaci\u00f3n modalidad Escuela Libre. 2017\u00a0<\/p><div>Postgrado de pr\u00e1cticas IT Teatre. 2018<\/div><div>\u00a0<\/div><div>Dramaturgia en el Obrador de la Sala Beckett.\u00a0<\/div><div>\u00a0<\/div><div><strong>IDIOMAS: <\/strong>Castellano, catala\u0301n, Andorrano e ingle\u0301s (C1).<\/div><div>\u00a0<\/div><div><strong>APTITUDES: <\/strong>Canto, guitarra espa\u00f1ola y danza contempor\u00e1nea.<\/div><\/div>\n\t\t\t\t<\/div>\n\t\t\t\t\t\t\t<div class=\"elementor-accordion-item\">\n\t\t\t\t\t<div id=\"elementor-tab-title-1003\" class=\"elementor-tab-title\" data-tab=\"3\" role=\"tab\" aria-controls=\"elementor-tab-content-1003\" aria-expanded=\"false\">\n\t\t\t\t\t\t\t\t\t\t\t\t\t<span class=\"elementor-accordion-icon elementor-accordion-icon-left\" aria-hidden=\"true\">\n\t\t\t\t\t\t\t\t\t\t\t\t\t\t\t<span class=\"elementor-accordion-icon-closed\"><i class=\"fas fa-plus\"><\/i><\/span>\n\t\t\t\t\t\t\t\t<span class=\"elementor-accordion-icon-opened\"><i class=\"fas fa-minus\"><\/i><\/span>\n\t\t\t\t\t\t\t\t\t\t\t\t\t\t<\/span>\n\t\t\t\t\t\t\t\t\t\t\t\t<a class=\"elementor-accordion-title\" href=\"\">CINE <\/a>\n\t\t\t\t\t<\/div>\n\t\t\t\t\t<div id=\"elementor-tab-content-1003\" class=\"elementor-tab-content elementor-clearfix\" data-tab=\"3\" role=\"tabpanel\" aria-labelledby=\"elementor-tab-title-1003\"><ul><li><span style=\"color: #ffffff;\"><b>Demora <\/b><\/span>| COL\u00b7LECTIU INTERLUDI Cortometraje. <em>Protagonista<\/em>.\u00a0 Post-producci\u00f3n. 2025.<\/li><li><span style=\"color: #ffffff;\"><a style=\"color: #ffffff;\" href=\"https:\/\/www.imdb.com\/name\/nm14346221\/\" target=\"_blank\" rel=\"noopener\"><strong>Paraules d&#8217;amor<\/strong><\/a><\/span> | ESCAC FILMS. Cortometraje. <em>Secundaria<\/em>.\u00a0 Direcci\u00f3n de Andrea Morales. Post-producci\u00f3n. 2024.<\/li><li><span style=\"color: #ffffff;\"><a style=\"color: #ffffff;\" href=\"https:\/\/www.imdb.com\/name\/nm14346221\/\" target=\"_blank\" rel=\"noopener\"><strong>Frialdad<\/strong> <\/a><\/span>|<span style=\"color: #ffffff;\"> <a style=\"color: #ffffff;\" href=\"https:\/\/www.filmin.es\/corto\/frialdad\" target=\"_blank\" rel=\"noopener\">NAINO FILMS<\/a> <\/span>con la col\u00b7laboraci\u00f3n del Gobierno de Andorra. Cortometraje. <em>Protagonista<\/em>. Direcci\u00f3n de Andrea S\u00e1nchez I\u00e1\u00f1ez. Seleccionada en el Festival D\u2019A Barcelona 2024 y Premio Ull Nu al mejor gui\u00f3n. 2024.<\/li><li><strong>Nina\u2019s journey<\/strong>\u00a0| PS FILMS. Web serie. <em>Reparto<\/em>. Producci\u00f3n de PS FILMS y direcci\u00f3n de Dani Torres. 2022.<\/li><li><span style=\"color: #ffffff;\"><a style=\"color: #ffffff;\" href=\"https:\/\/www.imdb.com\/name\/nm14346221\/\" target=\"_blank\" rel=\"noopener\"><strong>Hiedra <\/strong><\/a><\/span>| CONTRABAN prod. Cortometraje. <em>Secundaria.<\/em> Direcci\u00f3n de David Haro y Gerard Navalon. 2021<\/li><li><strong>The Yule <\/strong>| Cortometraje.\u00a0<em>Protagonista.<\/em> Dirigido por Andreu Beltran de Arriba. 2021<\/li><li><strong>Vida i estafes de la Berta Vil\u00e0 <\/strong>| Cortometraje.\u00a0<em>Protagonista.<\/em> Dirigido por Alba Miret y Xavier Calv\u00f3. 2022.<\/li><\/ul><\/div>\n\t\t\t\t<\/div>\n\t\t\t\t\t\t\t<div class=\"elementor-accordion-item\">\n\t\t\t\t\t<div id=\"elementor-tab-title-1004\" class=\"elementor-tab-title\" data-tab=\"4\" role=\"tab\" aria-controls=\"elementor-tab-content-1004\" aria-expanded=\"false\">\n\t\t\t\t\t\t\t\t\t\t\t\t\t<span class=\"elementor-accordion-icon elementor-accordion-icon-left\" aria-hidden=\"true\">\n\t\t\t\t\t\t\t\t\t\t\t\t\t\t\t<span class=\"elementor-accordion-icon-closed\"><i class=\"fas fa-plus\"><\/i><\/span>\n\t\t\t\t\t\t\t\t<span class=\"elementor-accordion-icon-opened\"><i class=\"fas fa-minus\"><\/i><\/span>\n\t\t\t\t\t\t\t\t\t\t\t\t\t\t<\/span>\n\t\t\t\t\t\t\t\t\t\t\t\t<a class=\"elementor-accordion-title\" href=\"\">TELEVISI\u00d3N<\/a>\n\t\t\t\t\t<\/div>\n\t\t\t\t\t<div id=\"elementor-tab-content-1004\" class=\"elementor-tab-content elementor-clearfix\" data-tab=\"4\" role=\"tabpanel\" aria-labelledby=\"elementor-tab-title-1004\"><ul><li><strong>Com si f\u00f3s ahir<\/strong> | 3CAT. Cap\u00edtulos 1418 y 1420. <em>Reparto<\/em>. 2024.<\/li><\/ul><\/div>\n\t\t\t\t<\/div>\n\t\t\t\t\t\t\t<div class=\"elementor-accordion-item\">\n\t\t\t\t\t<div id=\"elementor-tab-title-1005\" class=\"elementor-tab-title\" data-tab=\"5\" role=\"tab\" aria-controls=\"elementor-tab-content-1005\" aria-expanded=\"false\">\n\t\t\t\t\t\t\t\t\t\t\t\t\t<span class=\"elementor-accordion-icon elementor-accordion-icon-left\" aria-hidden=\"true\">\n\t\t\t\t\t\t\t\t\t\t\t\t\t\t\t<span class=\"elementor-accordion-icon-closed\"><i class=\"fas fa-plus\"><\/i><\/span>\n\t\t\t\t\t\t\t\t<span class=\"elementor-accordion-icon-opened\"><i class=\"fas fa-minus\"><\/i><\/span>\n\t\t\t\t\t\t\t\t\t\t\t\t\t\t<\/span>\n\t\t\t\t\t\t\t\t\t\t\t\t<a class=\"elementor-accordion-title\" href=\"\">TEATRO <\/a>\n\t\t\t\t\t<\/div>\n\t\t\t\t\t<div id=\"elementor-tab-content-1005\" class=\"elementor-tab-content elementor-clearfix\" data-tab=\"5\" role=\"tabpanel\" aria-labelledby=\"elementor-tab-title-1005\"><ul><li><span style=\"color: #ffffff;\"><a style=\"color: #ffffff;\" href=\"https:\/\/www.altaveu.com\/reportatges\/comedia-com-abans-pero-accent-molt-andorra_65652_102.html\" target=\"_blank\" rel=\"noopener\"><strong>Abrakadabra<\/strong> <\/a><\/span>| dir. Joan Ant\u00f3n Rechi.\u00a0<em>Actriz.<\/em> Producci\u00f3n de Escena Nacional de AND y L&#8217;Animal, con el apoyo del Festival Andorra Crea. Sala Prat del Roure, Andorra. En gira. 2025.<\/li><li><a href=\"https:\/\/elenasantiagoactriz.es\/nua\/\"><strong><span style=\"color: #ffffff;\">NUA\u00ba Teatre Immersiu<\/span> <\/strong><\/a>| dir. Irina Robles. <em>Actriz y autora. <\/em>Soporte del Ministerio de Cultura de Andorra. Sala la Fer\u00e9stec, Temporada de teatro de Andorra. En gira. 2024-25.<\/li><li><strong>G.A.C del Bicentennari Clav\u00e9 <\/strong>| Dep. Educaci\u00f3n Generalitat. <em>Actriz.\u00a0<\/em> L&#8217;Auditori de Barcelona. 2024.<\/li><li><div><strong><span style=\"color: #ffffff;\"><a style=\"color: #ffffff;\" href=\"https:\/\/es.teatrebarcelona.com\/espectacle\/el-messies\" target=\"_blank\" rel=\"noopener\">El Mes\u00edas<\/a><\/span>\u00a0<\/strong>| dir. Bob Wilson. <em>Figuraci\u00f3n<\/em>.\u00a0 Gran Teatro del Liceu, Barcelona. 2024.<\/div><\/li><li><strong>Kafkaf\u00f2bia<\/strong>\u00a0| Escuela Superior de T\u00e9cnicos Esc\u00e9nicos de Catalunya. <em>Actriz<\/em>.\u00a0 Teatro Alegria (Terrassa) y Teatro Ovidi Montllor (Barcelona). 2023-24.<\/li><li><a href=\"https:\/\/www.donasecret.com\/entrevistes\/traient-el-maxim-potencial-duna-nova-generacio-dactrius\/\" target=\"_blank\" rel=\"noopener\"><span style=\"color: #ffffff;\"><strong>@m\u00e9n<\/strong> | Joven C\u00eda Nacional de Andorra. <em>Codirecci\u00f3n<\/em>.<\/span><\/a> Producci\u00f3n de la Escena Nacional de AND y JOCAND.\u00a0 Teatro de les Fontetes, Andorra. 2023<\/li><li><b>Seven Goats<\/b> | C\u00eda. Amagatotis.\u00a0<em>Musical &#8211; reparto. <\/em>Gira por Espa\u00f1a. 2023.\u00a0<\/li><li><span style=\"color: #ffffff;\"><a style=\"color: #ffffff;\" href=\"https:\/\/www.agenda.ad\/activitat\/ordino\/musica\/ordino-classic-15160\" target=\"_blank\" rel=\"noopener\"><strong>Un concert de conte<\/strong><\/a><\/span>\u00a0| Orquesta de C. Nacional d\u2019Andorra. <em>Coprotagonista.<\/em> Producci\u00f3n \u00edntegra de la ONCA.\u00a0 Auditorio Nacional de Ordino, Andorra. 2022<\/li><li><span style=\"color: #ffffff;\"><a style=\"color: #ffffff;\" href=\"https:\/\/www.andorradifusio.ad\/noticies\/sol-o-quan-guerra-capgira-plans\" target=\"_blank\" rel=\"noopener\"><b>Aquest s\u00f2l, hi \u00e9s per a tots?<\/b><\/a><\/span>\u00a0| dir. Mart\u00ed Costa.\u00a0<em>Reparto.\u00a0\u00a0<\/em>Gira P\u00edndoles y gira en Andorra. 2020-2022.<\/li><li><span style=\"color: #ffffff;\"><strong><a style=\"color: #ffffff;\" href=\"https:\/\/www.donasecret.com\/societat\/esdeveniments\/les-cuques-obsequien-les-families-escaldenques-amb-un-espectacular-musical\/\" target=\"_blank\" rel=\"noopener\">Cuques<\/a> <\/strong><\/span>|<em> Codirectora, coescritora y protagonista.<\/em> Producci\u00f3n de la Escena Nacional d\u2019Andorra.\u00a0 Teatro Comunal de Andorra y gira por el Principado de Andorra. 2020-2022<\/li><li><span style=\"color: #ffffff;\"><a style=\"color: #ffffff;\" href=\"https:\/\/www.donasecret.com\/societat\/esdeveniments\/les-molt-illustres-casa-pairal-dordino\/\" target=\"_blank\" rel=\"noopener\"><strong>Les molt il\u00b7lustres<\/strong><\/a><\/span> | dir. Jaume Vi\u00f1as.\u00a0<em>Coprotagonista.\u00a0\u00a0<\/em>Festival la Cultura no s&#8217;atura y gira por Andorra. 2018-2022.<\/li><li><span style=\"color: #ffffff;\"><strong><a style=\"color: #ffffff;\" href=\"https:\/\/es.teatrebarcelona.com\/espectacle\/planeta-paria\" target=\"_blank\" rel=\"noopener\">Planeta p\u00e0ria<\/a> <\/strong><\/span>| Creaci\u00f3n dirigida por Carla Torres. <em>Reparto.<\/em>\u00a0 Teatro E\u00f2lia. 2018<\/li><li><span style=\"color: #ffffff;\"><a style=\"color: #ffffff;\" href=\"https:\/\/lamelancomica.com\/cireres-lentejuelas\/\" target=\"_blank\" rel=\"noopener\"><strong>Cireres &amp; Lentejuelas <\/strong>| Dirigido por Mireia Casado, Cia. La Melanc\u00f2mi<\/a><\/span>ca. <em>Musical &#8211; reparto.<\/em>\u00a0 Sala Barts Club, gira por Catalu\u00f1a (Teatro de el Escorxador, Teatro Almeria) y Andorra.<\/li><li><span style=\"color: #ffffff;\"><a style=\"color: #ffffff;\" href=\"https:\/\/www.salabeckett.cat\/espectacle\/amneistia\/\" target=\"_blank\" rel=\"noopener\"><strong>AMN\u00c8(I)S(T)IA <\/strong>| IT Teatro, dirigido por Chokri Ben Chickha.<\/a><\/span> <em>Reparto.\u00a0 <\/em>Sala Beckett, Festival Temporada Alta y gira al Rotterdam Theatre y el NT Gent (Arca). 2017-2018<\/li><li><strong>Vivo sin vivir en mi <\/strong>| dir. Andr\u00e9s Corchero.\u00a0<em>Reparto.<\/em>\u00a0 Teatre Alegria (Institut del Teatre). 2017<\/li><li><strong>Bellesa, bellesa <\/strong>| Cia. F\u00e0c Off.\u00a0<em>Reparto.<\/em> Teatro E\u00f2lia. 2017<\/li><\/ul><\/div>\n\t\t\t\t<\/div>\n\t\t\t\t\t\t\t\t<\/div>\n\t\t\t\t<\/div>\n\t\t\t\t<\/div>\n\t\t\t\t\t\t<\/div>\n\t\t\t\t\t<\/div>\n\t\t<\/div>\n\t\t\t\t\t\t\t\t<\/div>\n\t\t\t\t\t<\/div>\n\t\t<\/section>\n\t\t\t\t<section class=\"elementor-section elementor-top-section elementor-element elementor-element-6b60e48 elementor-section-boxed elementor-section-height-default elementor-section-height-default\" data-id=\"6b60e48\" data-element_type=\"section\">\n\t\t\t\t\t\t<div class=\"elementor-container elementor-column-gap-default\">\n\t\t\t\t\t\t\t<div class=\"elementor-row\">\n\t\t\t\t\t<div class=\"elementor-column elementor-col-100 elementor-top-column elementor-element elementor-element-0757b30\" data-id=\"0757b30\" data-element_type=\"column\">\n\t\t\t<div class=\"elementor-column-wrap elementor-element-populated\">\n\t\t\t\t\t\t\t<div class=\"elementor-widget-wrap\">\n\t\t\t\t\t\t<div class=\"elementor-element elementor-element-7a9bd61 elementor-pagination-position-outside elementor-widget elementor-widget-image-carousel\" data-id=\"7a9bd61\" data-element_type=\"widget\" data-settings=\"{&quot;slides_to_show&quot;:&quot;1&quot;,&quot;navigation&quot;:&quot;dots&quot;,&quot;autoplay&quot;:&quot;yes&quot;,&quot;pause_on_hover&quot;:&quot;yes&quot;,&quot;pause_on_interaction&quot;:&quot;yes&quot;,&quot;autoplay_speed&quot;:5000,&quot;infinite&quot;:&quot;yes&quot;,&quot;effect&quot;:&quot;slide&quot;,&quot;speed&quot;:500}\" data-widget_type=\"image-carousel.default\">\n\t\t\t\t<div class=\"elementor-widget-container\">\n\t\t\t\t\t<div class=\"elementor-image-carousel-wrapper swiper-container\" dir=\"ltr\">\n\t\t\t<div class=\"elementor-image-carousel swiper-wrapper\">\n\t\t\t\t\t\t\t\t<div class=\"swiper-slide\"><figure class=\"swiper-slide-inner\"><img decoding=\"async\" class=\"swiper-slide-image\" src=\"http:\/\/elenasantiagoactriz.es\/wp-content\/uploads\/2024\/07\/LH3-1024x555.png\" alt=\"LH3\" title=\"\"><\/figure><\/div><div class=\"swiper-slide\"><figure class=\"swiper-slide-inner\"><img decoding=\"async\" class=\"swiper-slide-image\" src=\"http:\/\/elenasantiagoactriz.es\/wp-content\/uploads\/2023\/06\/1672404018814-1024x640.jpg\" alt=\"(C) Frialdad\" title=\"\"><\/figure><\/div><div class=\"swiper-slide\"><figure class=\"swiper-slide-inner\"><img decoding=\"async\" class=\"swiper-slide-image\" src=\"http:\/\/elenasantiagoactriz.es\/wp-content\/uploads\/2023\/09\/CF_0085-1024x683.jpg\" alt=\"@m\u00e9n (C) Jordi Alosa\" title=\"\"><\/figure><\/div><div class=\"swiper-slide\"><figure class=\"swiper-slide-inner\"><img decoding=\"async\" class=\"swiper-slide-image\" src=\"http:\/\/elenasantiagoactriz.es\/wp-content\/uploads\/2023\/06\/t_it_110-2-1024x683.jpg\" alt=\"t_it_110\" title=\"\"><\/figure><\/div><div class=\"swiper-slide\"><figure class=\"swiper-slide-inner\"><img decoding=\"async\" class=\"swiper-slide-image\" src=\"http:\/\/elenasantiagoactriz.es\/wp-content\/uploads\/2023\/06\/1672404018836-1-1024x640.jpg\" alt=\"(C) Andrea S\u00e1ncez\" title=\"\"><\/figure><\/div><div class=\"swiper-slide\"><figure class=\"swiper-slide-inner\"><img decoding=\"async\" class=\"swiper-slide-image\" src=\"http:\/\/elenasantiagoactriz.es\/wp-content\/uploads\/2023\/06\/t_it_118-1-1024x683.jpg\" alt=\"Vivo sin vivir en mi (C) David Ruano\" title=\"\"><\/figure><\/div><div class=\"swiper-slide\"><figure class=\"swiper-slide-inner\"><img decoding=\"async\" class=\"swiper-slide-image\" src=\"http:\/\/elenasantiagoactriz.es\/wp-content\/uploads\/2025\/04\/MARTA-CSFA-2-1024x461.jpg\" alt=\"(C) 3CAT\" title=\"\"><\/figure><\/div><div class=\"swiper-slide\"><figure class=\"swiper-slide-inner\"><img decoding=\"async\" class=\"swiper-slide-image\" src=\"http:\/\/elenasantiagoactriz.es\/wp-content\/uploads\/2024\/06\/MI-REINALDO-MARQUEZ-2.jpg\" alt=\"(C) Reinaldo M\u00e1rquez\" title=\"\"><\/figure><\/div><div class=\"swiper-slide\"><figure class=\"swiper-slide-inner\"><img decoding=\"async\" class=\"swiper-slide-image\" src=\"http:\/\/elenasantiagoactriz.es\/wp-content\/uploads\/2025\/04\/Still-2024-10-11-175351_1.16.1-1024x576.jpg\" alt=\"(C) ESCAC films\" title=\"\"><\/figure><\/div><div class=\"swiper-slide\"><figure class=\"swiper-slide-inner\"><img decoding=\"async\" class=\"swiper-slide-image\" src=\"http:\/\/elenasantiagoactriz.es\/wp-content\/uploads\/2024\/11\/NUA_040-1024x683.jpg\" alt=\"NUA (C) Naiara Escabias\" title=\"\"><\/figure><\/div>\t\t\t<\/div>\n\t\t\t\t\t\t\t\t\t\t\t\t<div class=\"swiper-pagination\"><\/div>\n\t\t\t\t\t\t\t\t\t\t\t\t\t<\/div>\n\t\t\t\t<\/div>\n\t\t\t\t<\/div>\n\t\t\t\t\t\t<\/div>\n\t\t\t\t\t<\/div>\n\t\t<\/div>\n\t\t\t\t\t\t\t\t<\/div>\n\t\t\t\t\t<\/div>\n\t\t<\/section>\n\t\t\t\t<section class=\"elementor-section elementor-top-section elementor-element elementor-element-f38c00a elementor-section-full_width elementor-section-height-default elementor-section-height-default\" data-id=\"f38c00a\" data-element_type=\"section\" data-settings=\"{&quot;background_background&quot;:&quot;slideshow&quot;,&quot;background_slideshow_gallery&quot;:[{&quot;id&quot;:650,&quot;url&quot;:&quot;http:\\\/\\\/elenasantiagoactriz.es\\\/wp-content\\\/uploads\\\/2023\\\/06\\\/hilderose-c-qVFSg1lP6Zs-unsplash-scaled.jpg&quot;}],&quot;background_slideshow_loop&quot;:&quot;yes&quot;,&quot;background_slideshow_slide_duration&quot;:5000,&quot;background_slideshow_slide_transition&quot;:&quot;fade&quot;,&quot;background_slideshow_transition_duration&quot;:500}\">\n\t\t\t\t\t\t<div class=\"elementor-container elementor-column-gap-default\">\n\t\t\t\t\t\t\t<div class=\"elementor-row\">\n\t\t\t\t\t<div class=\"elementor-column elementor-col-50 elementor-top-column elementor-element elementor-element-4d1f013\" data-id=\"4d1f013\" data-element_type=\"column\">\n\t\t\t<div class=\"elementor-column-wrap elementor-element-populated\">\n\t\t\t\t\t\t\t<div class=\"elementor-widget-wrap\">\n\t\t\t\t\t\t<div class=\"elementor-element elementor-element-0564f77 elementor-widget elementor-widget-heading\" data-id=\"0564f77\" data-element_type=\"widget\" data-widget_type=\"heading.default\">\n\t\t\t\t<div class=\"elementor-widget-container\">\n\t\t\t<h2 class=\"elementor-heading-title elementor-size-default\"><a href=\"http:\/\/elenasantiagoactriz.es\/esp\/\">ELENA SANTIAGO<\/a><\/h2>\t\t<\/div>\n\t\t\t\t<\/div>\n\t\t\t\t\t\t<\/div>\n\t\t\t\t\t<\/div>\n\t\t<\/div>\n\t\t\t\t<div class=\"elementor-column elementor-col-50 elementor-top-column elementor-element elementor-element-922411b\" data-id=\"922411b\" data-element_type=\"column\">\n\t\t\t<div class=\"elementor-column-wrap elementor-element-populated\">\n\t\t\t\t\t\t\t<div class=\"elementor-widget-wrap\">\n\t\t\t\t\t\t<div class=\"elementor-element elementor-element-e288d4e elementor-align-right elementor-mobile-align-right elementor-widget elementor-widget-button\" data-id=\"e288d4e\" data-element_type=\"widget\" data-widget_type=\"button.default\">\n\t\t\t\t<div class=\"elementor-widget-container\">\n\t\t\t\t\t<div class=\"elementor-button-wrapper\">\n\t\t\t<a href=\"#elementor-action%3Aaction%3Dpopup%3Aopen%26settings%3DeyJpZCI6IjIxNSIsInRvZ2dsZSI6ZmFsc2V9\" class=\"elementor-button-link elementor-button elementor-size-sm\" role=\"button\">\n\t\t\t\t\t\t<span class=\"elementor-button-content-wrapper\">\n\t\t\t\t\t\t\t<span class=\"elementor-button-icon elementor-align-icon-left\">\n\t\t\t\t<i aria-hidden=\"true\" class=\"fas fa-bars\"><\/i>\t\t\t<\/span>\n\t\t\t\t\t\t<span class=\"elementor-button-text\"><\/span>\n\t\t<\/span>\n\t\t\t\t\t<\/a>\n\t\t<\/div>\n\t\t\t\t<\/div>\n\t\t\t\t<\/div>\n\t\t\t\t\t\t<\/div>\n\t\t\t\t\t<\/div>\n\t\t<\/div>\n\t\t\t\t\t\t\t\t<\/div>\n\t\t\t\t\t<\/div>\n\t\t<\/section>\n\t\t\t\t\t\t\t\t\t<\/div>\n\t\t\t<\/div>\n\t\t\t\t\t<\/div>\n\t\t","protected":false},"excerpt":{"rendered":"<p>Combino el teatro con el cine y la interpretaci\u00f3n con la escritura. Descarga CV PREMIOS Ganadora del XLIX Premio Born de Teatro con el texto &#8220;El SIlenci&#8221; FORMACI\u00d3N Interpretaci\u00f3n en el Institut del Teatre. 2017 Estudios en Interpretaci\u00f3n modalidad Escuela Libre. 2017\u00a0 Postgrado de pr\u00e1cticas IT Teatre. 2018\u00a0Dramaturgia en el Obrador de la Sala Beckett.\u00a0\u00a0IDIOMAS: [&hellip;]<\/p>\n","protected":false},"author":1,"featured_media":947,"parent":0,"menu_order":0,"comment_status":"closed","ping_status":"closed","template":"elementor_header_footer","meta":[],"_links":{"self":[{"href":"http:\/\/elenasantiagoactriz.es\/esp\/wp-json\/wp\/v2\/pages\/258"}],"collection":[{"href":"http:\/\/elenasantiagoactriz.es\/esp\/wp-json\/wp\/v2\/pages"}],"about":[{"href":"http:\/\/elenasantiagoactriz.es\/esp\/wp-json\/wp\/v2\/types\/page"}],"author":[{"embeddable":true,"href":"http:\/\/elenasantiagoactriz.es\/esp\/wp-json\/wp\/v2\/users\/1"}],"replies":[{"embeddable":true,"href":"http:\/\/elenasantiagoactriz.es\/esp\/wp-json\/wp\/v2\/comments?post=258"}],"version-history":[{"count":256,"href":"http:\/\/elenasantiagoactriz.es\/esp\/wp-json\/wp\/v2\/pages\/258\/revisions"}],"predecessor-version":[{"id":2542,"href":"http:\/\/elenasantiagoactriz.es\/esp\/wp-json\/wp\/v2\/pages\/258\/revisions\/2542"}],"wp:featuredmedia":[{"embeddable":true,"href":"http:\/\/elenasantiagoactriz.es\/esp\/wp-json\/wp\/v2\/media\/947"}],"wp:attachment":[{"href":"http:\/\/elenasantiagoactriz.es\/esp\/wp-json\/wp\/v2\/media?parent=258"}],"curies":[{"name":"wp","href":"https:\/\/api.w.org\/{rel}","templated":true}]}}